{"id":70,"date":"2007-01-18T23:22:26","date_gmt":"2007-01-18T22:22:26","guid":{"rendered":"https:\/\/www.orthopaedie-dr-yacoub.de\/leistungen\/kinderorthopaedie\/"},"modified":"2022-09-05T13:46:22","modified_gmt":"2022-09-05T12:46:22","slug":"kinderorthopaedie","status":"publish","type":"page","link":"https:\/\/www.orthopaedie-dr-yacoub.de\/?page_id=70","title":{"rendered":"Behandlung von Kindern mit Erkrankungen  des St\u00fctz- und Bewegnungsapparates"},"content":{"rendered":"\t\t<div data-elementor-type=\"wp-page\" data-elementor-id=\"70\" class=\"elementor elementor-70\">\n\t\t\t\t\t\t<section class=\"elementor-section elementor-top-section elementor-element elementor-element-9072460 elementor-section-boxed elementor-section-height-default elementor-section-height-default\" data-id=\"9072460\" data-element_type=\"section\" data-e-type=\"section\">\n\t\t\t\t\t\t<div class=\"elementor-container elementor-column-gap-default\">\n\t\t\t\t\t<div class=\"elementor-column elementor-col-100 elementor-top-column elementor-element elementor-element-8d76dbc\" data-id=\"8d76dbc\" data-element_type=\"column\" data-e-type=\"column\">\n\t\t\t<div class=\"elementor-widget-wrap elementor-element-populated\">\n\t\t\t\t\t\t<div class=\"elementor-element elementor-element-23de2b2 elementor-widget elementor-widget-spacer\" data-id=\"23de2b2\" data-element_type=\"widget\" data-e-type=\"widget\" data-widget_type=\"spacer.default\">\n\t\t\t\t<div class=\"elementor-widget-container\">\n\t\t\t\t\t\t\t<div class=\"elementor-spacer\">\n\t\t\t<div class=\"elementor-spacer-inner\"><\/div>\n\t\t<\/div>\n\t\t\t\t\t\t<\/div>\n\t\t\t\t<\/div>\n\t\t\t\t<div class=\"elementor-element elementor-element-5e7fb62 animated-slow elementor-invisible elementor-widget elementor-widget-heading\" data-id=\"5e7fb62\" data-element_type=\"widget\" data-e-type=\"widget\" data-settings=\"{&quot;_animation&quot;:&quot;zoomIn&quot;}\" data-widget_type=\"heading.default\">\n\t\t\t\t<div class=\"elementor-widget-container\">\n\t\t\t\t\t<h1 class=\"elementor-heading-title elementor-size-default\">Behandlung von Kindern mit Erkrankungen  des St\u00fctz- und Bewegnungsapparates<\/h1>\t\t\t\t<\/div>\n\t\t\t\t<\/div>\n\t\t\t\t<div class=\"elementor-element elementor-element-33eff08 elementor-widget elementor-widget-spacer\" data-id=\"33eff08\" data-element_type=\"widget\" data-e-type=\"widget\" data-widget_type=\"spacer.default\">\n\t\t\t\t<div class=\"elementor-widget-container\">\n\t\t\t\t\t\t\t<div class=\"elementor-spacer\">\n\t\t\t<div class=\"elementor-spacer-inner\"><\/div>\n\t\t<\/div>\n\t\t\t\t\t\t<\/div>\n\t\t\t\t<\/div>\n\t\t\t\t\t<\/div>\n\t\t<\/div>\n\t\t\t\t\t<\/div>\n\t\t<\/section>\n\t\t\t\t<section class=\"elementor-section elementor-top-section elementor-element elementor-element-9fe8b54 elementor-section-boxed elementor-section-height-default elementor-section-height-default\" data-id=\"9fe8b54\" data-element_type=\"section\" data-e-type=\"section\">\n\t\t\t\t\t\t<div class=\"elementor-container elementor-column-gap-default\">\n\t\t\t\t\t<div class=\"elementor-column elementor-col-50 elementor-top-column elementor-element elementor-element-0ed50a9\" data-id=\"0ed50a9\" data-element_type=\"column\" data-e-type=\"column\">\n\t\t\t<div class=\"elementor-widget-wrap elementor-element-populated\">\n\t\t\t\t\t\t<div class=\"elementor-element elementor-element-b212f4c elementor-widget elementor-widget-text-editor\" data-id=\"b212f4c\" data-element_type=\"widget\" data-e-type=\"widget\" data-widget_type=\"text-editor.default\">\n\t\t\t\t<div class=\"elementor-widget-container\">\n\t\t\t\t\t\t\t\t\t<p>Die Wiege der Orthop\u00e4die ist die Kinderorthop\u00e4die: orthos=gerade und paideia=Erziehung (Kind).<\/p><p><span style=\"color: var( --e-global-color-text ); font-family: var( --e-global-typography-text-font-family ), Sans-serif; font-weight: var( --e-global-typography-text-font-weight );\">Das Orthop\u00e4dieb\u00e4umchen\u00a0 ist das Symbol f\u00fcr das urspr\u00fcngliche Grundanliegen der Orthop\u00e4die &#8211; die Therapie der Haltungssch\u00e4den.<\/span><\/p><p><strong><span style=\"color: var( --e-global-color-text ); font-family: var( --e-global-typography-text-font-family ), Sans-serif;\">Kinderorthop\u00e4die bedeutet die stetige Forderung nach Fr\u00fcherkennung und Vorsorge von St\u00f6rungen in der Entwicklung des Haltungs- und Bewegungsapparates.<\/span><\/strong><\/p><p><span style=\"color: var( --e-global-color-text ); font-family: var( --e-global-typography-text-font-family ), Sans-serif; font-weight: var( --e-global-typography-text-font-weight );\">Die vom Berufsverband der Orthop\u00e4den initiierte <a href=\"https:\/\/www.aktion-orthofit.de\/\" target=\"_blank\" rel=\"noopener\"><strong>Aktion &#8222;Orthofit&#8220;<\/strong><\/a> empfiehlt Eltern, ihre Kind auch zus\u00e4tzlich zu den vorgegebenen Vorsorgeuntersuchungen zu bestimmten Zeiten orthop\u00e4disch untersuchen zu lassen.<\/span><\/p>\t\t\t\t\t\t\t\t<\/div>\n\t\t\t\t<\/div>\n\t\t\t\t\t<\/div>\n\t\t<\/div>\n\t\t\t\t<div class=\"elementor-column elementor-col-50 elementor-top-column elementor-element elementor-element-c1bc66e\" data-id=\"c1bc66e\" data-element_type=\"column\" data-e-type=\"column\">\n\t\t\t<div class=\"elementor-widget-wrap elementor-element-populated\">\n\t\t\t\t\t\t<div class=\"elementor-element elementor-element-85c7fb7 elementor-widget elementor-widget-text-editor\" data-id=\"85c7fb7\" data-element_type=\"widget\" data-e-type=\"widget\" data-widget_type=\"text-editor.default\">\n\t\t\t\t<div class=\"elementor-widget-container\">\n\t\t\t\t\t\t\t\t\t<p><span style=\"color: var( --e-global-color-text ); font-family: var( --e-global-typography-text-font-family ), Sans-serif; font-weight: var( --e-global-typography-text-font-weight );\">Neben den bekannten orthop\u00e4dischen Erkrankungen im Kindheitsalter wie:<\/span><\/p><ul style=\"list-style-type: circle;\"><li><span style=\"color: var( --e-global-color-text ); font-family: var( --e-global-typography-text-font-family ), Sans-serif;\"><b>Fu\u00dfdeformit\u00e4ten <\/b><\/span>(Knickfu\u00df, Klumpfu\u00df, Sichelfu\u00df, kindlicher Hallux valgus)<\/li><li><b>Wirbels\u00e4ulenerkrankungen <\/b>(Skoliose, Scheuermann, Haltungsschw\u00e4che )<\/li><li><b>H\u00fcfterkrankungen <\/b>(H\u00fcftdysplasie, Coxitis, Perthes, Epiphysiolysis)<\/li><\/ul><p>gibt es neue Erkenntnisse im Verst\u00e4ndnis der Blockierungssymptomatik der Wirbels\u00e4ule bei S\u00e4uglingen und Kindern <strong>(KISS-syndrom)<\/strong> sowie lagerungsbedingte <strong>Sch\u00e4deldeformierungen (Plagiocephalie)<\/strong> und m\u00f6gliche Therapie mit Helmen.<\/p>\t\t\t\t\t\t\t\t<\/div>\n\t\t\t\t<\/div>\n\t\t\t\t\t<\/div>\n\t\t<\/div>\n\t\t\t\t\t<\/div>\n\t\t<\/section>\n\t\t\t\t<section class=\"elementor-section elementor-top-section elementor-element elementor-element-59828cc elementor-section-boxed elementor-section-height-default elementor-section-height-default\" data-id=\"59828cc\" data-element_type=\"section\" data-e-type=\"section\">\n\t\t\t\t\t\t<div class=\"elementor-container elementor-column-gap-default\">\n\t\t\t\t\t<div class=\"elementor-column elementor-col-100 elementor-top-column elementor-element elementor-element-aac4c53\" data-id=\"aac4c53\" data-element_type=\"column\" data-e-type=\"column\">\n\t\t\t<div class=\"elementor-widget-wrap elementor-element-populated\">\n\t\t\t\t\t\t<div class=\"elementor-element elementor-element-491f6ec elementor-widget-divider--view-line elementor-widget elementor-widget-divider\" data-id=\"491f6ec\" data-element_type=\"widget\" data-e-type=\"widget\" data-widget_type=\"divider.default\">\n\t\t\t\t<div class=\"elementor-widget-container\">\n\t\t\t\t\t\t\t<div class=\"elementor-divider\">\n\t\t\t<span class=\"elementor-divider-separator\">\n\t\t\t\t\t\t<\/span>\n\t\t<\/div>\n\t\t\t\t\t\t<\/div>\n\t\t\t\t<\/div>\n\t\t\t\t\t<\/div>\n\t\t<\/div>\n\t\t\t\t\t<\/div>\n\t\t<\/section>\n\t\t\t\t<section class=\"elementor-section elementor-top-section elementor-element elementor-element-e191778 elementor-section-boxed elementor-section-height-default elementor-section-height-default\" data-id=\"e191778\" data-element_type=\"section\" data-e-type=\"section\">\n\t\t\t\t\t\t<div class=\"elementor-container elementor-column-gap-default\">\n\t\t\t\t\t<div class=\"elementor-column elementor-col-100 elementor-top-column elementor-element elementor-element-311623e\" data-id=\"311623e\" data-element_type=\"column\" data-e-type=\"column\">\n\t\t\t<div class=\"elementor-widget-wrap elementor-element-populated\">\n\t\t\t\t\t\t<div class=\"elementor-element elementor-element-0aa5233 elementor-widget elementor-widget-text-editor\" data-id=\"0aa5233\" data-element_type=\"widget\" data-e-type=\"widget\" data-widget_type=\"text-editor.default\">\n\t\t\t\t<div class=\"elementor-widget-container\">\n\t\t\t\t\t\t\t\t\t<p><span style=\"font-size: 14pt;\"><strong>Hier k\u00f6nnen Sie mehr \u00fcber unsere Behandlung von Kindern lesen:<\/strong><\/span><\/p>\t\t\t\t\t\t\t\t<\/div>\n\t\t\t\t<\/div>\n\t\t\t\t\t<\/div>\n\t\t<\/div>\n\t\t\t\t\t<\/div>\n\t\t<\/section>\n\t\t\t\t<section class=\"elementor-section elementor-top-section elementor-element elementor-element-0ef8997 elementor-section-boxed elementor-section-height-default elementor-section-height-default\" data-id=\"0ef8997\" data-element_type=\"section\" data-e-type=\"section\">\n\t\t\t\t\t\t<div class=\"elementor-container elementor-column-gap-default\">\n\t\t\t\t\t<div class=\"elementor-column elementor-col-100 elementor-top-column elementor-element elementor-element-f7a9c31\" data-id=\"f7a9c31\" data-element_type=\"column\" data-e-type=\"column\">\n\t\t\t<div class=\"elementor-widget-wrap elementor-element-populated\">\n\t\t\t\t\t\t<div class=\"elementor-element elementor-element-564937e elementor-tabs-view-horizontal elementor-widget elementor-widget-tabs\" data-id=\"564937e\" data-element_type=\"widget\" data-e-type=\"widget\" data-widget_type=\"tabs.default\">\n\t\t\t\t<div class=\"elementor-widget-container\">\n\t\t\t\t\t\t\t<div class=\"elementor-tabs\">\n\t\t\t<div class=\"elementor-tabs-wrapper\" role=\"tablist\" >\n\t\t\t\t\t\t\t\t\t<div id=\"elementor-tab-title-9041\" class=\"elementor-tab-title elementor-tab-desktop-title\" aria-selected=\"true\" data-tab=\"1\" role=\"tab\" tabindex=\"0\" aria-controls=\"elementor-tab-content-9041\" aria-expanded=\"false\">Wirbels\u00e4ulenerkrankungen\u200b<\/div>\n\t\t\t\t\t\t\t\t\t<div id=\"elementor-tab-title-9042\" class=\"elementor-tab-title elementor-tab-desktop-title\" aria-selected=\"false\" data-tab=\"2\" role=\"tab\" tabindex=\"-1\" aria-controls=\"elementor-tab-content-9042\" aria-expanded=\"false\">H\u00fcfterkrankungen<\/div>\n\t\t\t\t\t\t\t\t\t<div id=\"elementor-tab-title-9043\" class=\"elementor-tab-title elementor-tab-desktop-title\" aria-selected=\"false\" data-tab=\"3\" role=\"tab\" tabindex=\"-1\" aria-controls=\"elementor-tab-content-9043\" aria-expanded=\"false\">Fu\u00dfdeformit\u00e4ten<\/div>\n\t\t\t\t\t\t\t\t\t<div id=\"elementor-tab-title-9044\" class=\"elementor-tab-title elementor-tab-desktop-title\" aria-selected=\"false\" data-tab=\"4\" role=\"tab\" tabindex=\"-1\" aria-controls=\"elementor-tab-content-9044\" aria-expanded=\"false\">Plagiocephalie<\/div>\n\t\t\t\t\t\t\t<\/div>\n\t\t\t<div class=\"elementor-tabs-content-wrapper\" role=\"tablist\" aria-orientation=\"vertical\">\n\t\t\t\t\t\t\t\t\t<div class=\"elementor-tab-title elementor-tab-mobile-title\" aria-selected=\"true\" data-tab=\"1\" role=\"tab\" tabindex=\"0\" aria-controls=\"elementor-tab-content-9041\" aria-expanded=\"false\">Wirbels\u00e4ulenerkrankungen\u200b<\/div>\n\t\t\t\t\t<div id=\"elementor-tab-content-9041\" class=\"elementor-tab-content elementor-clearfix\" data-tab=\"1\" role=\"tabpanel\" aria-labelledby=\"elementor-tab-title-9041\" tabindex=\"0\" hidden=\"false\"><p><span style=\"text-decoration: underline; font-size: 14pt;\"><strong>Skoliose<\/strong><\/span><\/p><p>Die Skoliose ist eine Seitverbiegung der Wirbels\u00e4ule mit Verdrehung, deren Ursache oftmals noch ungekl\u00e4rt ist. Entsprechend den Wachstumsphasen muss vor allem in den ersten 5 Lebensjahren und w\u00e4hrend der Pubert\u00e4t mit einer Progredienz gerechnet werden. Bei M\u00e4dchen, die im allgemeinen wesentlich st\u00e4rker gef\u00e4hrdet sind, beginnt der Wachstumsschub <strong>zwischen dem 11. und 13. Lebensjahr<\/strong>.<\/p><p>Die Skoliose verl\u00e4uft ohne Schmerzen, wird aber durch einen Rippenbuckel und eventuellen Lendenwulst sichtbar. Eine R\u00f6ntgenaufnahme der gesamten Wirbels\u00e4ule ist unerl\u00e4sslich und konkretisiert das Ausma\u00df der Verbiegung.<\/p><ul style=\"list-style-type: circle;\"><li><strong>Leichte Ver\u00e4nderungen<\/strong> werden mit muskelkr\u00e4ftigender <strong>Physiotherapie<\/strong> behandelt.<\/li><li><strong>Mittelgradige Ver\u00e4nderungen<\/strong> bed\u00fcrfen einer <strong>Korsettbehandlung<\/strong> und Physiotherapie.<\/li><li><strong>Schwergradige Ver\u00e4nderungen<\/strong> m\u00fcssen unter Umst\u00e4nden <strong>operativ<\/strong> aufgerichtet werden.<\/li><\/ul><p>Entscheidend f\u00fcr den Therapieerfolg ist die aktive Mitarbeit unserer Patientinnen bis zum Wachstumsabschluss.<\/p><p><span style=\"text-decoration: underline; font-size: 14pt;\"><strong>Haltungsschw\u00e4che \/ Haltungsschaden<\/strong><\/span><\/p><p>Kinder sitzen heute durchschnittlich 5-6 Stunden in der Schule und 3 Stunden vor Fernseher bzw. Computer.Insofern ist die Fr\u00fcherkennung von Haltungsschw\u00e4chen von gro\u00dfer Bedeutung. Bei der Haltungsschw\u00e4che ist die Deformierung aktiv und passiv korrigierbar; die Kinder versp\u00fcren keinen Schmerz.<\/p><p>Im Vordergrund der Therapie steht die Erziehung des Heranwachsenden zur sportlichen Bet\u00e4tigung.<\/p><p><span style=\"text-decoration: underline; font-size: 14pt;\"><strong>Morbus Scheuermann<\/strong><\/span><\/p><p>Beim \u201eScheuermann\u201c kommt es zu einer Wachstumsst\u00f6rung an den Grund- und Deckplatten und keilf\u00f6rmige Deformierung der Wirbelk\u00f6rper. Infolgedessen entwickelt sich eine zunehmende Kyphose (Rundr\u00fccken). Die Jugendlichen werden wegen R\u00fcckenschmerzen vorstellig. Eine R\u00f6ntgenuntersuchung sichert die Diagnose.<\/p><p>Therapie der Wahl ist eine intensive aufrichtende Krankengymnastik. Nur selten in sehr schweren F\u00e4lle ist ein Korsett erforderlich.<\/p><\/div>\n\t\t\t\t\t\t\t\t\t<div class=\"elementor-tab-title elementor-tab-mobile-title\" aria-selected=\"false\" data-tab=\"2\" role=\"tab\" tabindex=\"-1\" aria-controls=\"elementor-tab-content-9042\" aria-expanded=\"false\">H\u00fcfterkrankungen<\/div>\n\t\t\t\t\t<div id=\"elementor-tab-content-9042\" class=\"elementor-tab-content elementor-clearfix\" data-tab=\"2\" role=\"tabpanel\" aria-labelledby=\"elementor-tab-title-9042\" tabindex=\"0\" hidden=\"hidden\"><p><span style=\"font-size: 14pt;\"><strong><span style=\"text-decoration: underline;\">Coxitis fugax<\/span><\/strong><\/span><\/p><p>Die Coxitis fugax ist eine kurzzeitige Entz\u00fcndung des kindlichen H\u00fcftgelenkes. In 50% der F\u00e4lle bei kleinen Patienten (3-7 Jahre) werden vorangegangene Infekte der oberen Luftwege angegeben. Die Kinder klagen \u00fcber Schmerzen im H\u00fcftgelenk, ggf. auch Oberschenkel und Kniegelenk und weisen ein Schonhinken auf.<\/p><p>Der Erguss kann gut mittels <strong>Sonografie<\/strong> dargestellt werden.<\/p><p>Die <strong>Therapie<\/strong> ist durch Entlastung und ggf. kurzzeitiger entz\u00fcndungslindernder Medikation rasch erfolgreich.<\/p><p><span style=\"text-decoration: underline; font-size: 14pt;\"><strong>Morbus Perthes<\/strong><\/span><\/p><p>Hierbei handelt es sich um eine <strong>Wachstumsst\u00f6rung des H\u00fcftkopfes<\/strong> auf Grund einer Durchblutungsst\u00f6rung der Wachstumssfuge bei Kindern zwischen dem 5. und 7. Lebensjahr. Der &#8222;Perthes&#8220; l\u00e4uft in mehreren Stadien ab und ist von einer mehr oder weniger gro\u00dfen Zerst\u00f6rung des H\u00fcftkopfes gekennzeichnet.<\/p><p>Neben der konservativen Therapie mit ggf. Orthesenbehandlung ist die operative Korrektur die Therapie der Wahl.<\/p><p><span style=\"font-size: 14pt;\"><strong><span style=\"text-decoration: underline;\">Epiphyseolysis capitis femoris<\/span><\/strong><\/span><\/p><p><strong>Der orthop\u00e4dische Notfall<\/strong> ist das akute Abl\u00f6sen des H\u00fcftkopfes von der Wachstumsfuge vorwiegend im pubert\u00e4ren Alter. Die schleichende Verlaufsform zeigt sich anfangs in leichtem Hinken und Schmerzen in Oberschenkel- und Kniegelenk.<\/p><p>Beweisend ist die R\u00f6ntgenaufnahme.<\/p><p>Bei nachgewiesenem Abrutschen muss der H\u00fcftkopf eingerichtet und operativ fixiert werden. In jedem Fall werden die Patienten engmaschig \u00fcberwacht, um auch die anf\u00e4llige Gegenseite zu beobachten.<\/p><\/div>\n\t\t\t\t\t\t\t\t\t<div class=\"elementor-tab-title elementor-tab-mobile-title\" aria-selected=\"false\" data-tab=\"3\" role=\"tab\" tabindex=\"-1\" aria-controls=\"elementor-tab-content-9043\" aria-expanded=\"false\">Fu\u00dfdeformit\u00e4ten<\/div>\n\t\t\t\t\t<div id=\"elementor-tab-content-9043\" class=\"elementor-tab-content elementor-clearfix\" data-tab=\"3\" role=\"tabpanel\" aria-labelledby=\"elementor-tab-title-9043\" tabindex=\"0\" hidden=\"hidden\"><p><span style=\"font-size: 14pt;\"><strong><span style=\"text-decoration: underline;\">Knickfu\u00df \/ Knicksenkfu\u00df \/ Plattfu\u00df<\/span><\/strong><\/span><\/p><p><a href=\"https:\/\/www.orthopaedie-dr-yacoub.de\/wp-content\/uploads\/2022\/09\/PICT0001a.jpg\"><img decoding=\"async\" class=\"alignright wp-image-1216\" src=\"https:\/\/www.orthopaedie-dr-yacoub.de\/wp-content\/uploads\/2022\/09\/PICT0001a-300x225.jpg\" alt=\"\" width=\"250\" height=\"188\" srcset=\"https:\/\/www.orthopaedie-dr-yacoub.de\/wp-content\/uploads\/2022\/09\/PICT0001a-300x225.jpg 300w, https:\/\/www.orthopaedie-dr-yacoub.de\/wp-content\/uploads\/2022\/09\/PICT0001a.jpg 380w\" sizes=\"(max-width: 250px) 100vw, 250px\" \/><\/a>Der physiologische oder flexible Knick-Senkfu\u00df tritt bei den meisten Kindern als normale Entwicklungsstufe nach Laufbeginn auf.<\/p><p>Nur wenig Untersuchungsg\u00e4nge zeigen, ob es ein flexibler, muskul\u00e4r ungen\u00fcgend stabilisierter Knicksenkfu\u00df ist.<\/p><p>Denn selten m\u00fcssen <strong>schwere Knicksenkf\u00fc\u00dfe durch Einlagen<\/strong> stabilisiert werden.<\/p><p>Wir beraten Sie \u00fcber selbst\u00e4ndig durchzuf\u00fchrende \u00dcbungen zum Muskelaufbau der Fu\u00df -und Unterschenkelmuskulatur und das richtige Schuhwerk.<\/p><p><span style=\"text-decoration: underline; font-size: 14pt;\"><strong>Klumpfu\u00df<\/strong><\/span><\/p><p>400 v. Chr. war Hippokrates der erste Arzt, der eine Redressionsbehandlung dieser Fu\u00dfdeformit\u00e4t beschrieb, die auch heute noch g\u00fcltig ist. Der Klumpfu\u00df ist eine angeborenen Fu\u00dffehlstellung, die auch unmittelbar nach der Geburt behandelt wird.<\/p><p>Dabei ist der Schweregrad der Fehlstellung entscheidend , welche Therapie ausgew\u00e4hlt wird.<\/p><p>Zumeist wird ab dem <strong>1. Lebenstag eine Gipsbehandlung<\/strong> durchgef\u00fchrt, die bis zum 4.-6. Lebensmonat fortgesetzt wird.<\/p><p>Daran schlie\u00dft sich eine Korrekturoperation an.<\/p><p>Postoperativ bis zu den n\u00e4chsten Jahren erfolgen <strong>Einlagen- und Nachtschienen sowie physiotherapeutische Behandlungen<\/strong>.<\/p><p><span style=\"text-decoration: underline; font-size: 14pt;\"><strong>Sichelfu\u00df<\/strong><\/span><\/p><p>Durch eine intrauterine Zwangshaltung entsteht der Sichelfu\u00df.<\/p><p>Auch hier ist der Grad der Flexibilit\u00e4t entscheidend f\u00fcr die Therapie. Die meisten Sichelf\u00fc\u00dfe k\u00f6nnen durch einfache redressierende Handgriffe, die wir den Eltern zeigen, unkompliziert therapiert werden.<\/p><p>In seltenen F\u00e4llen ist eine <strong>Gipsbehandlung<\/strong> unmittelbar nach der Geburt bis zum 2. Lebensmonat erforderlich.<\/p><p>Auch daran schlie\u00dft sich eine <strong>Einlagen- und Nachtschienen sowie physiotherapeutische Behandlung<\/strong> an.<\/p><p><span style=\"text-decoration: underline; font-size: 14pt;\"><strong>Kindlicher Hallux valgus<\/strong><\/span><\/p><p>Neben famili\u00e4ren H\u00e4ufungen wird ein Zusammenhang zu ung\u00fcnstigem Schuhwerk f\u00fcr das seitliche Abdriften der Gro\u00dfzehe nach au\u00dfen diskutiert.<\/p><p>Im Jugenalter ist eher der kosmetische Aspekt vordergr\u00fcndig. Jedoch beg\u00fcnstigen diese Fehlstellungen eine vorzeitige Abnutzung des Gro\u00dfzehengrundgelenkes.<\/p><p><strong>Einlagen und eine konsequente Nachtschienenbehandlung<\/strong> sind hierbei die Therapie der Wahl. In seltenen F\u00e4llen werden kn\u00f6cherne Korrekturoperationen durchgef\u00fchrt.<\/p><\/div>\n\t\t\t\t\t\t\t\t\t<div class=\"elementor-tab-title elementor-tab-mobile-title\" aria-selected=\"false\" data-tab=\"4\" role=\"tab\" tabindex=\"-1\" aria-controls=\"elementor-tab-content-9044\" aria-expanded=\"false\">Plagiocephalie<\/div>\n\t\t\t\t\t<div id=\"elementor-tab-content-9044\" class=\"elementor-tab-content elementor-clearfix\" data-tab=\"4\" role=\"tabpanel\" aria-labelledby=\"elementor-tab-title-9044\" tabindex=\"0\" hidden=\"hidden\"><p><span style=\"text-decoration: underline; font-size: 14pt;\"><strong>Lagedeformit\u00e4ten des Kopfes beim S\u00e4ugling<\/strong><\/span><\/p><p>Seit der Einf\u00fchrung der <strong>R\u00fcckenlage von S\u00e4uglingen<\/strong> 1992 durch die American Academy of Pediatrics, zur Vermeidung des pl\u00f6tzlichen Kindstodes, kam es zu einem signifikanten R\u00fcckgang der Todesf\u00e4lle.<\/p><p><a href=\"https:\/\/www.orthopaedie-dr-yacoub.de\/wp-content\/uploads\/2022\/09\/PICT0109.jpg\"><img fetchpriority=\"high\" decoding=\"async\" class=\"size-medium wp-image-1220 alignright\" src=\"https:\/\/www.orthopaedie-dr-yacoub.de\/wp-content\/uploads\/2022\/09\/PICT0109-300x225.jpg\" alt=\"\" width=\"300\" height=\"225\" srcset=\"https:\/\/www.orthopaedie-dr-yacoub.de\/wp-content\/uploads\/2022\/09\/PICT0109-300x225.jpg 300w, https:\/\/www.orthopaedie-dr-yacoub.de\/wp-content\/uploads\/2022\/09\/PICT0109.jpg 380w\" sizes=\"(max-width: 300px) 100vw, 300px\" \/><\/a>Allerdings sind seitdem vermehrt <strong>Kopfdeformierungen<\/strong> zu verzeichnen, deren Ursache m\u00f6glicherweise zum Teil auch mit Blockierungen im Kopfgelenksbereich zusammenh\u00e4ngen.<\/p><p>Die ausschlie\u00dfliche R\u00fcckenlage kann eine andauernde Kopfhaltung nach einer Seite zur Folge haben.<\/p><p>Durch die einseitige Kopflage kommt es zu einer <strong>parallelogrammartigen Verschiebung der Sch\u00e4delknochen (Plagiocephalie)<\/strong>. Infolgedessen entsteht auch eine Deformierung im Kiefergelenksbereich , die durch einen Ohrenschiefstand sichtbar wird. Dabei verschiebt sich der Sch\u00e4delanteil mit dem Ohr der abgeflachten Hinterkopfseite nach vorne.<\/p><p><span style=\"text-decoration: underline; font-size: 14pt;\"><strong>Helmtherapie<\/strong><\/span><\/p><p><a href=\"https:\/\/www.orthopaedie-dr-yacoub.de\/wp-content\/uploads\/2022\/09\/PICT0029.jpg\"><img decoding=\"async\" class=\"wp-image-1219 alignleft\" src=\"https:\/\/www.orthopaedie-dr-yacoub.de\/wp-content\/uploads\/2022\/09\/PICT0029-300x225.jpg\" alt=\"\" width=\"250\" height=\"188\" srcset=\"https:\/\/www.orthopaedie-dr-yacoub.de\/wp-content\/uploads\/2022\/09\/PICT0029-300x225.jpg 300w, https:\/\/www.orthopaedie-dr-yacoub.de\/wp-content\/uploads\/2022\/09\/PICT0029.jpg 380w\" sizes=\"(max-width: 250px) 100vw, 250px\" \/><\/a>Neben Physiotherapie, craniosacraler Therapie und ggf. manueller Wirbels\u00e4ulenmobilisation bei Blockierungen wird in schweren F\u00e4llen einer <strong>Kopfdeformierung<\/strong> zur Vermeidung von Folgesch\u00e4den die <strong>Helmtherapie<\/strong> empfohlen.<\/p><p>Durch eine spezielle Orthese im Sinne eines korrigierenden Helmes nach Abdruck des Kopfes des S\u00e4uglings kann die Deformierung korrigiert werden.<\/p><p><strong>Bis maximal 18. Lebensmonat<\/strong> kann eine Beeinflussung der Fehlstellung durch das 23 st\u00fcndige Tragen des Helmes w\u00e4hrend des regul\u00e4ren Wachstums erreicht werden.<\/p><p><a href=\"https:\/\/www.orthopaedie-dr-yacoub.de\/wp-content\/uploads\/2022\/09\/PICT0008.jpg\"><img loading=\"lazy\" decoding=\"async\" class=\"alignright wp-image-1218\" src=\"https:\/\/www.orthopaedie-dr-yacoub.de\/wp-content\/uploads\/2022\/09\/PICT0008-300x225.jpg\" alt=\"\" width=\"250\" height=\"188\" srcset=\"https:\/\/www.orthopaedie-dr-yacoub.de\/wp-content\/uploads\/2022\/09\/PICT0008-300x225.jpg 300w, https:\/\/www.orthopaedie-dr-yacoub.de\/wp-content\/uploads\/2022\/09\/PICT0008.jpg 380w\" sizes=\"(max-width: 250px) 100vw, 250px\" \/><\/a>Durch engmaschige Kontrollen mit den Orthop\u00e4dietechnikern der Firma Neubert wird der Helm den wachstumsbedingten \u00c4nderungen angepasst.<\/p><p><strong>Durch das fortschreitende Knochenwachstum mit Verschluss der Fontanellen ist eine Spontanheilung bzw. sp\u00e4ter einsetzende Therapie ohne Aussicht auf Erfolg.<\/strong><\/p><p>Eine Kosten\u00fcbernahme durch die Krankenkassen muss individuell beantragt werden.<\/p><\/div>\n\t\t\t\t\t\t\t<\/div>\n\t\t<\/div>\n\t\t\t\t\t\t<\/div>\n\t\t\t\t<\/div>\n\t\t\t\t\t<\/div>\n\t\t<\/div>\n\t\t\t\t\t<\/div>\n\t\t<\/section>\n\t\t\t\t<section class=\"elementor-section elementor-top-section elementor-element elementor-element-6cc9f51 elementor-section-boxed elementor-section-height-default elementor-section-height-default\" data-id=\"6cc9f51\" data-element_type=\"section\" data-e-type=\"section\">\n\t\t\t\t\t\t<div class=\"elementor-container elementor-column-gap-default\">\n\t\t\t\t\t<div class=\"elementor-column elementor-col-100 elementor-top-column elementor-element elementor-element-0092964\" data-id=\"0092964\" data-element_type=\"column\" data-e-type=\"column\">\n\t\t\t<div class=\"elementor-widget-wrap elementor-element-populated\">\n\t\t\t\t\t\t<div class=\"elementor-element elementor-element-eb48c03 elementor-widget elementor-widget-spacer\" data-id=\"eb48c03\" data-element_type=\"widget\" data-e-type=\"widget\" data-widget_type=\"spacer.default\">\n\t\t\t\t<div class=\"elementor-widget-container\">\n\t\t\t\t\t\t\t<div class=\"elementor-spacer\">\n\t\t\t<div class=\"elementor-spacer-inner\"><\/div>\n\t\t<\/div>\n\t\t\t\t\t\t<\/div>\n\t\t\t\t<\/div>\n\t\t\t\t\t<\/div>\n\t\t<\/div>\n\t\t\t\t\t<\/div>\n\t\t<\/section>\n\t\t\t\t<\/div>\n\t\t","protected":false},"excerpt":{"rendered":"<p>Behandlung von Kindern mit Erkrankungen des St\u00fctz- und Bewegnungsapparates Die Wiege der Orthop\u00e4die ist die Kinderorthop\u00e4die: orthos=gerade und paideia=Erziehung (Kind). Das Orthop\u00e4dieb\u00e4umchen\u00a0 ist das Symbol f\u00fcr das urspr\u00fcngliche Grundanliegen der Orthop\u00e4die &#8211; die Therapie der Haltungssch\u00e4den. Kinderorthop\u00e4die bedeutet die stetige Forderung nach Fr\u00fcherkennung und Vorsorge von St\u00f6rungen in der Entwicklung des Haltungs- und Bewegungsapparates. Die &hellip; <a href=\"https:\/\/www.orthopaedie-dr-yacoub.de\/?page_id=70\" class=\"more-link\"><span class=\"screen-reader-text\">Behandlung von Kindern mit Erkrankungen  des St\u00fctz- und Bewegnungsapparates<\/span> weiterlesen <span class=\"meta-nav\">&rarr;<\/span><\/a><\/p>\n","protected":false},"author":10,"featured_media":0,"parent":17,"menu_order":0,"comment_status":"closed","ping_status":"closed","template":"elementor_header_footer","meta":{"ngg_post_thumbnail":0,"footnotes":""},"class_list":["post-70","page","type-page","status-publish","hentry"],"_links":{"self":[{"href":"https:\/\/www.orthopaedie-dr-yacoub.de\/index.php?rest_route=\/wp\/v2\/pages\/70","targetHints":{"allow":["GET"]}}],"collection":[{"href":"https:\/\/www.orthopaedie-dr-yacoub.de\/index.php?rest_route=\/wp\/v2\/pages"}],"about":[{"href":"https:\/\/www.orthopaedie-dr-yacoub.de\/index.php?rest_route=\/wp\/v2\/types\/page"}],"author":[{"embeddable":true,"href":"https:\/\/www.orthopaedie-dr-yacoub.de\/index.php?rest_route=\/wp\/v2\/users\/10"}],"replies":[{"embeddable":true,"href":"https:\/\/www.orthopaedie-dr-yacoub.de\/index.php?rest_route=%2Fwp%2Fv2%2Fcomments&post=70"}],"version-history":[{"count":42,"href":"https:\/\/www.orthopaedie-dr-yacoub.de\/index.php?rest_route=\/wp\/v2\/pages\/70\/revisions"}],"predecessor-version":[{"id":1302,"href":"https:\/\/www.orthopaedie-dr-yacoub.de\/index.php?rest_route=\/wp\/v2\/pages\/70\/revisions\/1302"}],"up":[{"embeddable":true,"href":"https:\/\/www.orthopaedie-dr-yacoub.de\/index.php?rest_route=\/wp\/v2\/pages\/17"}],"wp:attachment":[{"href":"https:\/\/www.orthopaedie-dr-yacoub.de\/index.php?rest_route=%2Fwp%2Fv2%2Fmedia&parent=70"}],"curies":[{"name":"wp","href":"https:\/\/api.w.org\/{rel}","templated":true}]}}